{"id":11419,"date":"2018-08-30T09:43:44","date_gmt":"2018-08-30T09:43:44","guid":{"rendered":"https:\/\/parcodenim.com\/faq"},"modified":"2021-10-11T09:41:28","modified_gmt":"2021-10-11T07:41:28","slug":"faq","status":"publish","type":"page","link":"https:\/\/parcodenim.com\/it\/faq","title":{"rendered":"FAQ Par.co Denim"},"content":{"rendered":"<p>[vc_row css=&#8221;.vc_custom_1535624888834{margin-top: 20px !important;}&#8221;][vc_column width=&#8221;1\/6&#8243;]<span class=\"konte-dash text-default   vc_custom_1535622364910\"><span class=\"konte-dash__line\"><\/span><\/span>[\/vc_column][vc_column width=&#8221;5\/6&#8243;][vc_custom_heading text=&#8221;About us&#8221; use_theme_fonts=&#8221;yes&#8221; css=&#8221;.vc_custom_1587147115560{margin-bottom: 10px !important;}&#8221;][vc_toggle title=&#8221;Chi \u00e8 Par.co Denim?&#8221; open=&#8221;true&#8221;]<span style=\"font-weight: 400;\">Par.co Denim \u00e8 un marchio italiano di jeans di alta qualit\u00e0, prodotti in Italia al 100% e in modo sostenibile. Abbiamo ripensato la filiera produttiva dei jeans, applicando da subito politiche e standard di sostenibilit\u00e0 nella scelta di materie prime, accessori, fornitori, collaboratori e partner. La nostra sede \u00e8 a Bergamo.<\/span>[\/vc_toggle][vc_toggle title=&#8221;Dove vengono realizzati i vostri prodotti?&#8221;]<span style=\"font-weight: 400;\">I nostri capi sono Made in Italy, prodotti al 100% in Italia da piccoli artigiani e aziende locali, situati entro 35 km da Bergamo, dove ha sede Par.co Denim.<\/span>[\/vc_toggle][vc_toggle title=&#8221;Come vengono realizzati i vostri prodotti?&#8221;]<span style=\"font-weight: 400;\">I nostri capi sono prodotti artigianalmente, non industrialmente. I jeans sono tagliati, cuciti lavati e assemblati da artigiani locali e piccole aziende. Inoltre, abbiamo scelto con cura i partner per i passaggi della nostra filiera, come i fornitori di tessuti denim o la lavanderia industriale, che soddisfano gi\u00e0 elevati standard di qualit\u00e0 e ambientali<\/span>[\/vc_toggle][vc_toggle title=&#8221;Vendete online?&#8221;]<span style=\"font-weight: 400;\">Si! <\/span>[\/vc_toggle][vc_toggle title=&#8221;Avete rivenditori?&#8221;]<span style=\"font-weight: 400;\">Il nostro showroom si trova a Bergamo in Via Maglio del Lotto, 18 a Bergamo (BG), Italia. Qui troverai tutte le collezioni dei nostri jeans. Riceviamo su appuntamento, telefona al +39 349 3266849 o scrivi all&#8217;indirizzo <\/span><a href=\"mailto:info@parcofashion.eu\"><span style=\"font-weight: 400;\">info@parcofashion.eu<\/span><\/a><\/p>\n<p><span style=\"font-weight: 400;\">Ad oggi, puoi trovare rivenditori che vendono una selezione della collezione Parco Denim in:<\/span><\/p>\n<p><strong>Italia<\/strong><\/p>\n<p>Atotus &#8211; Via Roma 34, 38096 Vallelaghi (TN)<\/p>\n<p>Clumsy Green Concept Store &#8211; Piazza Crispi 9, 55045 Pietrasanta (LU)<\/p>\n<p><span style=\"font-weight: 400;\">Eticl\u00f3 &#8211; Via Clavature, 22\/E, 40124 Bologna (BO)<\/span><\/p>\n<p><span style=\"font-weight: 400;\">Genius Loci &#8211; Via Ugolini 19, 37022 Fumane (VR)<\/span><\/p>\n<p>Gingerale &#8211; Via dei Mille 17, 19121 La Spezia (SP)<\/p>\n<p><span style=\"font-weight: 400;\">Kauri Store &#8211; Via Bottai 1\/A, 39100 Bolzano (BZ)<\/span><\/p>\n<p><span style=\"font-weight: 400;\">Kauri Store &#8211; Via Santa Croce 15, 39042 Bressanone (BZ)<\/span><\/p>\n<p>Lo Spaventapasseri &#8211; Via Luccioli 30\/R, 16123 Genova (GE)<\/p>\n<p><span style=\"font-weight: 400;\">Modalit\u00e0 &#8211; Corso Mazzini 52\/4 presso Galleria Gessi, 48018 Faenza (RA)<\/span><\/p>\n<p><strong>Austria<\/strong><\/p>\n<p>Sport Girbl Gerd Girbl &#8211; Bahnstrasse 300, 5350 Strobl<\/p>\n<p>NOST Store &#8211; Bramsaustr. 19, 5324 Faistenau[\/vc_toggle][vc_toggle title=&#8221;Come posso metterti in contatto con voi?&#8221;]<span style=\"font-weight: 400;\">Puoi inviarci un email all&#8217;indirizzo info@parcofashion.eu, chiamarci al numero 334 6382089 o contattarci tramite Facebook, Instagram o LinkedIn.<\/span><\/p>\n<p><span style=\"font-weight: 400;\">Contatti specifici per:<\/span><\/p>\n<p><strong>Richieste stampa<\/strong><\/p>\n<p><span style=\"font-weight: 400;\">Si prega di inviare una mail a Fedora, la nostra assistente per la Comunicazione. Scrivile all\u2019indirizzo fedora.agosti@parcofashion.eu<\/span><\/p>\n<p><strong>Richieste di interviste<\/strong><\/p>\n<p><span style=\"font-weight: 400;\">Per gli studenti riguardo interviste per progetti accademici di Tesi di Laurea o Case Study, si prega di inviare una email a Fedora, l&#8217;assistente per la Comunicazione e Sustainability Ambassador. Scrivile all\u2019indirizzo <\/span><a href=\"mailto:fedora.agosti@parcofashion.eu\"><span style=\"font-weight: 400;\">fedora.agosti@parcofashion.eu<\/span><\/a><span style=\"font-weight: 400;\">.<\/span><\/p>\n<p><strong>Opportunit\u00e0 di lavoro<\/strong><\/p>\n<p><span style=\"font-weight: 400;\">Purtroppo al momento non ci sono posizioni aperte.<\/span><\/p>\n<p><span style=\"font-weight: 400;\">Puoi per\u00f2 condividere le tue idee o proporti spontaneamente, scrivendo a Matteo all&#8217;indirizzo matteo@parcofashion.eu<\/span><\/p>\n<p><strong>Stage<\/strong><\/p>\n<p><span style=\"font-weight: 400;\">Stiamo creando un programma per i tirocini universitari, se interessati, si prega di inviare una email a Fedora con il proprio CV o profilo Linkedin all&#8217;indirizzo fedora.agosti@parcofashion.eu<\/span><\/p>\n<p><strong>Richieste per vendite al dettaglio<\/strong><\/p>\n<p><span style=\"font-weight: 400;\">Sei interessato a vendere Par.co Denim nel tuo negozio, piattaforma online o App? <\/span><span style=\"font-weight: 400;\">Se sei entusiasta di Par.co Denim e dei suoi valori, contatta Matteo. <\/span><span style=\"font-weight: 400;\">Puoi raggiungerlo chiamando il numero 334 6382089 o all&#8217;indirizzo matteo@parcofashion.eu<\/span><\/p>\n<p><strong>Servizio Clienti<\/strong><\/p>\n<p><span style=\"font-weight: 400;\">L&#8217;assistenza clienti \u00e8 attiva dal luned\u00ec al venerd\u00ec, dalle 9:00 alle 18:00. Si prega di inviare un email a Patrick all&#8217;indirizzo patrick@parcofashion.eu o contattarlo al +39 349 3266849<\/span>[\/vc_toggle][\/vc_column][\/vc_row][vc_row][vc_column][vc_separator css=&#8221;.vc_custom_1530691719971{margin-bottom: 50px !important;}&#8221;][\/vc_column][\/vc_row][vc_row][vc_column width=&#8221;1\/6&#8243;]<span class=\"konte-dash text-default   vc_custom_1535622371727\"><span class=\"konte-dash__line\"><\/span><\/span>[\/vc_column][vc_column width=&#8221;5\/6&#8243;][vc_custom_heading text=&#8221;Pagamenti&#8221; use_theme_fonts=&#8221;yes&#8221; css=&#8221;.vc_custom_1589108413109{margin-bottom: 10px !important;}&#8221;][vc_toggle title=&#8221;Come posso pagare?&#8221;]<span style=\"font-weight: 400;\">I metodi di pagamento accettati sono PayPal\u24c7, carta di credito o debito e bonifico bancario.<\/span>[\/vc_toggle][\/vc_column][\/vc_row][vc_row][vc_column][vc_separator css=&#8221;.vc_custom_1530691728630{margin-bottom: 50px !important;}&#8221;][\/vc_column][\/vc_row][vc_row][vc_column width=&#8221;1\/6&#8243;]<span class=\"konte-dash text-default   vc_custom_1535622378433\"><span class=\"konte-dash__line\"><\/span><\/span>[\/vc_column][vc_column width=&#8221;5\/6&#8243;][vc_custom_heading text=&#8221;Spedizione&#8221; use_theme_fonts=&#8221;yes&#8221; css=&#8221;.vc_custom_1589108465191{margin-bottom: 10px !important;}&#8221;][vc_toggle title=&#8221;Dove spedite?&#8221;]<span style=\"font-weight: 400;\">Spediamo in tutta Europa.<\/span>[\/vc_toggle][vc_toggle title=&#8221;Quanto costano le spese di spedizione?&#8221;]<span style=\"font-weight: 400;\">In Italia, il costo di spedizione \u00e8 di \u20ac 6, ma spediamo gratuitamente per ordini superiori a \u20ac 95.<\/span><\/p>\n<p><span style=\"font-weight: 400;\">In Europa il costo di spedizione \u00e8 di \u20ac 15, ma spediamo gratuitamente per ordini superiori a \u20ac 250.<\/span>[\/vc_toggle][\/vc_column][\/vc_row][vc_row][vc_column width=&#8221;1\/6&#8243;]<span class=\"konte-dash text-default   vc_custom_1535622378433\"><span class=\"konte-dash__line\"><\/span><\/span>[\/vc_column][vc_column width=&#8221;5\/6&#8243;][vc_custom_heading text=&#8221;Prodotti&#8221; use_theme_fonts=&#8221;yes&#8221; css=&#8221;.vc_custom_1589108534571{margin-bottom: 10px !important;}&#8221;][vc_toggle title=&#8221;I vostri prodotti sono realizzati con cotone biologico?&#8221;]<span style=\"font-weight: 400;\">S\u00ec, per i nostri jeans utilizziamo un tessuto denim realizzato in cotone biologico certificato, in particolare con la certificazione GOTS (Global Organic Textile Standard). Il cotone biologico certificato definisce criteri ambientali di alto livello lungo l&#8217;intera filiera produttiva del cotone e richiede anche il rispetto di criteri sociali.<\/span>[\/vc_toggle][vc_toggle title=&#8221;Perch\u00e9 la taglia dei jeans \u00e8 espressa in pollici, inches?&#8221;]<span style=\"font-weight: 400;\">La taglia dei jeans \u00e8 espressa in pollici perch\u00e9 questo prodotto \u00e8 nato negli Stati Uniti come abbigliamento da lavoro nella seconda met\u00e0 del \u2018900. Il sistema in pollici \u00e8 utilizzato nei paesi anglosassoni ed \u00e8 rimasta la consuetudine di utilizzare questo sistema di misurazione per i jeans.\u00a0<\/span>[\/vc_toggle][vc_toggle title=&#8221;Come calcolo la taglia migliore per me di jeans Par.co Denim?&#8221;]<span style=\"font-weight: 400;\">La taglia dei jeans \u00e8 espressa in pollici, quindi sostanzialmente la taglia esprime la misura della vita del modello in pollici: ad esempio la taglia 25 significa che la vita dei jeans misura 25 pollici, che espressa in cm \u00e8 di circa 63,5 cm (1 pollice \u00e8 circa 2,45 cm).<\/span><\/p>\n<p><span style=\"font-weight: 400;\">Quindi, prendi il tuo metro e usa i jeans che possiedi gi\u00e0 come modello per scoprire quale \u00e8 la taglia giusta per il tuo jeans Par.co misurando vita, fianchi e lunghezza, seguendo la guida alle taglie che trovi nello shop.<\/span>[\/vc_toggle][vc_toggle title=&#8221;I vostri prodotti sono privi di crudelt\u00e0?&#8221;]<span style=\"font-weight: 400;\">S\u00ec, abbiamo ottenuto la certificazione Animal Free della LAV (Lega Anti Vivisezione) ottenendo il loro tasso pi\u00f9 alto VVV + perch\u00e9 abbiamo rinunciato a utilizzare qualsiasi pelliccia animale, piume, seta, pelle o lana.<\/span>[\/vc_toggle][\/vc_column][\/vc_row][vc_row][vc_column width=&#8221;1\/6&#8243;]<span class=\"konte-dash text-default   vc_custom_1535622378433\"><span class=\"konte-dash__line\"><\/span><\/span>[\/vc_column][vc_column width=&#8221;5\/6&#8243;][vc_custom_heading text=&#8221;Resi&#8221; use_theme_fonts=&#8221;yes&#8221; css=&#8221;.vc_custom_1589108706756{margin-bottom: 10px !important;}&#8221;][vc_toggle title=&#8221;\u00c8 possibile restituire o cambiare il mio prodotto?&#8221;]<span style=\"font-weight: 400;\">Se la taglia non \u00e8 esatta, puoi cambiarla o cambiare il modello gratuitamente la prima volta.<\/span><\/p>\n<p><span style=\"font-weight: 400;\">Se non sei soddisfatto al 100% dei tuoi prodotti, puoi restituirli entro 14 giorni. Ci\u00f2 \u00e8 possibile fino a 14 giorni dopo la spedizione dell&#8217;ordine, il prodotto deve essere completo di etichette e non deve essere stato indossato, lavato o danneggiato.<\/span>[\/vc_toggle][\/vc_column][\/vc_row]<\/p>\n","protected":false},"excerpt":{"rendered":"<p>[vc_row css=&#8221;.vc_custom_1535624888834{margin-top: 20px !important;}&#8221;][vc_column width=&#8221;1\/6&#8243;][\/vc_column][vc_column width=&#8221;5\/6&#8243;][vc_custom_heading text=&#8221;About us&#8221; use_theme_fonts=&#8221;yes&#8221; css=&#8221;.vc_custom_1587147115560{margin-bottom: 10px !important;}&#8221;][vc_toggle title=&#8221;Chi \u00e8 Par.co Denim?&#8221; open=&#8221;true&#8221;]Par.co Denim \u00e8 un marchio italiano di jeans di alta qualit\u00e0, prodotti in Italia&hellip;<\/p>\n","protected":false},"author":1,"featured_media":0,"parent":0,"menu_order":0,"comment_status":"closed","ping_status":"closed","template":"","meta":{"om_disable_all_campaigns":false,"_monsterinsights_skip_tracking":false,"_monsterinsights_sitenote_active":false,"_monsterinsights_sitenote_note":"","_monsterinsights_sitenote_category":0,"footnotes":""},"class_list":["post-11419","page","type-page","status-publish","hentry"],"yoast_head":"<!-- This site is optimized with the Yoast SEO plugin v19.10 - https:\/\/yoast.com\/wordpress\/plugins\/seo\/ -->\n<title>FAQ Par.co Denim - Par.co Denim<\/title>\n<meta name=\"description\" content=\"Par.co Denim \u00e8 un marchio italiano di jeans di alta qualit\u00e0, prodotti in Italia al 100% e in modo sostenibile. Scopri la nostra storia e i nostri capi\" \/>\n<meta name=\"robots\" content=\"index, follow, max-snippet:-1, max-image-preview:large, max-video-preview:-1\" \/>\n<link rel=\"canonical\" href=\"https:\/\/parcodenim.com\/it\/faq\" \/>\n<meta property=\"og:locale\" content=\"it_IT\" \/>\n<meta property=\"og:type\" content=\"article\" \/>\n<meta property=\"og:title\" content=\"FAQ Par.co Denim - Par.co Denim\" \/>\n<meta property=\"og:description\" content=\"Par.co Denim \u00e8 un marchio italiano di jeans di alta qualit\u00e0, prodotti in Italia al 100% e in modo sostenibile. Scopri la nostra storia e i nostri capi\" \/>\n<meta property=\"og:url\" content=\"https:\/\/parcodenim.com\/it\/faq\" \/>\n<meta property=\"og:site_name\" content=\"Par.co Denim\" \/>\n<meta property=\"article:modified_time\" content=\"2021-10-11T07:41:28+00:00\" \/>\n<meta name=\"twitter:card\" content=\"summary_large_image\" \/>\n<meta name=\"twitter:label1\" content=\"Tempo di lettura stimato\" \/>\n\t<meta name=\"twitter:data1\" content=\"5 minuti\" \/>\n<script type=\"application\/ld+json\" class=\"yoast-schema-graph\">{\"@context\":\"https:\/\/schema.org\",\"@graph\":[{\"@type\":\"WebPage\",\"@id\":\"https:\/\/parcodenim.com\/it\/faq\",\"url\":\"https:\/\/parcodenim.com\/it\/faq\",\"name\":\"FAQ Par.co Denim - Par.co Denim\",\"isPartOf\":{\"@id\":\"https:\/\/parcodenim.com\/it\/#website\"},\"datePublished\":\"2018-08-30T09:43:44+00:00\",\"dateModified\":\"2021-10-11T07:41:28+00:00\",\"description\":\"Par.co Denim \u00e8 un marchio italiano di jeans di alta qualit\u00e0, prodotti in Italia al 100% e in modo sostenibile. Scopri la nostra storia e i nostri capi\",\"breadcrumb\":{\"@id\":\"https:\/\/parcodenim.com\/it\/faq#breadcrumb\"},\"inLanguage\":\"it-IT\",\"potentialAction\":[{\"@type\":\"ReadAction\",\"target\":[\"https:\/\/parcodenim.com\/it\/faq\"]}]},{\"@type\":\"BreadcrumbList\",\"@id\":\"https:\/\/parcodenim.com\/it\/faq#breadcrumb\",\"itemListElement\":[{\"@type\":\"ListItem\",\"position\":1,\"name\":\"Home\",\"item\":\"https:\/\/parcodenim.com\/it\"},{\"@type\":\"ListItem\",\"position\":2,\"name\":\"FAQ Par.co Denim\"}]},{\"@type\":\"WebSite\",\"@id\":\"https:\/\/parcodenim.com\/it\/#website\",\"url\":\"https:\/\/parcodenim.com\/it\/\",\"name\":\"Par.co Denim\",\"description\":\"Your eco-friendly jeans\",\"potentialAction\":[{\"@type\":\"SearchAction\",\"target\":{\"@type\":\"EntryPoint\",\"urlTemplate\":\"https:\/\/parcodenim.com\/it\/?s={search_term_string}\"},\"query-input\":\"required name=search_term_string\"}],\"inLanguage\":\"it-IT\"}]}<\/script>\n<!-- \/ Yoast SEO plugin. -->","yoast_head_json":{"title":"FAQ Par.co Denim - Par.co Denim","description":"Par.co Denim \u00e8 un marchio italiano di jeans di alta qualit\u00e0, prodotti in Italia al 100% e in modo sostenibile. Scopri la nostra storia e i nostri capi","robots":{"index":"index","follow":"follow","max-snippet":"max-snippet:-1","max-image-preview":"max-image-preview:large","max-video-preview":"max-video-preview:-1"},"canonical":"https:\/\/parcodenim.com\/it\/faq","og_locale":"it_IT","og_type":"article","og_title":"FAQ Par.co Denim - Par.co Denim","og_description":"Par.co Denim \u00e8 un marchio italiano di jeans di alta qualit\u00e0, prodotti in Italia al 100% e in modo sostenibile. Scopri la nostra storia e i nostri capi","og_url":"https:\/\/parcodenim.com\/it\/faq","og_site_name":"Par.co Denim","article_modified_time":"2021-10-11T07:41:28+00:00","twitter_card":"summary_large_image","twitter_misc":{"Tempo di lettura stimato":"5 minuti"},"schema":{"@context":"https:\/\/schema.org","@graph":[{"@type":"WebPage","@id":"https:\/\/parcodenim.com\/it\/faq","url":"https:\/\/parcodenim.com\/it\/faq","name":"FAQ Par.co Denim - Par.co Denim","isPartOf":{"@id":"https:\/\/parcodenim.com\/it\/#website"},"datePublished":"2018-08-30T09:43:44+00:00","dateModified":"2021-10-11T07:41:28+00:00","description":"Par.co Denim \u00e8 un marchio italiano di jeans di alta qualit\u00e0, prodotti in Italia al 100% e in modo sostenibile. Scopri la nostra storia e i nostri capi","breadcrumb":{"@id":"https:\/\/parcodenim.com\/it\/faq#breadcrumb"},"inLanguage":"it-IT","potentialAction":[{"@type":"ReadAction","target":["https:\/\/parcodenim.com\/it\/faq"]}]},{"@type":"BreadcrumbList","@id":"https:\/\/parcodenim.com\/it\/faq#breadcrumb","itemListElement":[{"@type":"ListItem","position":1,"name":"Home","item":"https:\/\/parcodenim.com\/it"},{"@type":"ListItem","position":2,"name":"FAQ Par.co Denim"}]},{"@type":"WebSite","@id":"https:\/\/parcodenim.com\/it\/#website","url":"https:\/\/parcodenim.com\/it\/","name":"Par.co Denim","description":"Your eco-friendly jeans","potentialAction":[{"@type":"SearchAction","target":{"@type":"EntryPoint","urlTemplate":"https:\/\/parcodenim.com\/it\/?s={search_term_string}"},"query-input":"required name=search_term_string"}],"inLanguage":"it-IT"}]}},"jetpack_sharing_enabled":true,"_links":{"self":[{"href":"https:\/\/parcodenim.com\/it\/wp-json\/wp\/v2\/pages\/11419"}],"collection":[{"href":"https:\/\/parcodenim.com\/it\/wp-json\/wp\/v2\/pages"}],"about":[{"href":"https:\/\/parcodenim.com\/it\/wp-json\/wp\/v2\/types\/page"}],"author":[{"embeddable":true,"href":"https:\/\/parcodenim.com\/it\/wp-json\/wp\/v2\/users\/1"}],"replies":[{"embeddable":true,"href":"https:\/\/parcodenim.com\/it\/wp-json\/wp\/v2\/comments?post=11419"}],"version-history":[{"count":10,"href":"https:\/\/parcodenim.com\/it\/wp-json\/wp\/v2\/pages\/11419\/revisions"}],"predecessor-version":[{"id":17139,"href":"https:\/\/parcodenim.com\/it\/wp-json\/wp\/v2\/pages\/11419\/revisions\/17139"}],"wp:attachment":[{"href":"https:\/\/parcodenim.com\/it\/wp-json\/wp\/v2\/media?parent=11419"}],"curies":[{"name":"wp","href":"https:\/\/api.w.org\/{rel}","templated":true}]}}